{"id":1486,"date":"2025-01-09T17:32:51","date_gmt":"2025-01-09T16:32:51","guid":{"rendered":"https:\/\/www.ff-factory.com\/it\/?page_id=1486"},"modified":"2025-01-09T17:43:45","modified_gmt":"2025-01-09T16:43:45","slug":"privacy-whistleblowing","status":"publish","type":"page","link":"https:\/\/www.ff-factory.com\/it\/privacy-whistleblowing\/","title":{"rendered":"Privacy Whistleblowing"},"content":{"rendered":"<p>[et_pb_section fb_built=&#8221;1&#8243; custom_padding_last_edited=&#8221;on|desktop&#8221; padding_top_1=&#8221;10%&#8221; padding_top_bottom_link_1=&#8221;false&#8221; padding_1_last_edited=&#8221;off|desktop&#8221; admin_label=&#8221;Header Section&#8221; _builder_version=&#8221;4.19.5&#8243; background_color=&#8221;#000000&#8243; use_background_color_gradient=&#8221;on&#8221; background_color_gradient_stops=&#8221;rgba(0,0,0,0.35) 0%|rgba(0,0,0,0.22) 100%&#8221; background_color_gradient_overlays_image=&#8221;on&#8221; background_image=&#8221;https:\/\/www.ff-factory.com\/it\/wp-content\/uploads\/sites\/5\/2023\/02\/AZIENDA_BANNER.jpg&#8221; custom_margin=&#8221;||-200px|&#8221; custom_margin_tablet=&#8221;||-200px|&#8221; custom_margin_phone=&#8221;||50px||false|false&#8221; custom_margin_last_edited=&#8221;on|phone&#8221; custom_padding=&#8221;6%|0px|280px|0px|false|false&#8221; custom_padding_tablet=&#8221;||100px||false|false&#8221; custom_padding_phone=&#8221;||100px||false|false&#8221; hover_enabled=&#8221;0&#8243; global_colors_info=&#8221;{}&#8221; title_text=&#8221;AZIENDA_BANNER&#8221; sticky_enabled=&#8221;0&#8243;][et_pb_row column_structure=&#8221;2_3,1_3&#8243; _builder_version=&#8221;4.16&#8243; hover_enabled=&#8221;0&#8243; global_colors_info=&#8221;{}&#8221; sticky_enabled=&#8221;0&#8243;][et_pb_column type=&#8221;2_3&#8243; _builder_version=&#8221;4.16&#8243; custom_padding=&#8221;|||&#8221; global_colors_info=&#8221;{}&#8221; custom_padding__hover=&#8221;|||&#8221;][et_pb_text _builder_version=&#8221;4.19.5&#8243; text_font=&#8221;||||||||&#8221; text_text_color=&#8221;#FFFFFF&#8221; text_font_size=&#8221;50px&#8221; header_font=&#8221;||||||||&#8221; header_text_color=&#8221;#FFFFFF&#8221; header_font_size=&#8221;50px&#8221; header_line_height=&#8221;1.5em&#8221; header_6_font=&#8221;||||||||&#8221; max_width_last_edited=&#8221;off|desktop&#8221; module_alignment=&#8221;center&#8221; custom_margin=&#8221;||7px|||&#8221; text_font_size_tablet=&#8221;40px&#8221; text_font_size_phone=&#8221;26px&#8221; text_font_size_last_edited=&#8221;on|desktop&#8221; header_font_size_tablet=&#8221;50px&#8221; header_font_size_phone=&#8221;32px&#8221; header_font_size_last_edited=&#8221;on|phone&#8221; global_colors_info=&#8221;{}&#8221;]<\/p>\n<h1>Informativa<br \/>sul trattamento dei dati personali<\/h1>\n<p>[\/et_pb_text][\/et_pb_column][et_pb_column type=&#8221;1_3&#8243; _builder_version=&#8221;4.16&#8243; custom_padding=&#8221;|||&#8221; global_colors_info=&#8221;{}&#8221; custom_padding__hover=&#8221;|||&#8221;][\/et_pb_column][\/et_pb_row][\/et_pb_section][et_pb_section fb_built=&#8221;1&#8243; _builder_version=&#8221;4.19.0&#8243; _module_preset=&#8221;default&#8221; custom_padding=&#8221;||4px|||&#8221; global_colors_info=&#8221;{}&#8221;][et_pb_row _builder_version=&#8221;4.19.0&#8243; _module_preset=&#8221;default&#8221; min_height=&#8221;160px&#8221; custom_padding=&#8221;11px||1px|||&#8221; global_colors_info=&#8221;{}&#8221;][et_pb_column type=&#8221;4_4&#8243; _builder_version=&#8221;4.19.0&#8243; _module_preset=&#8221;default&#8221; global_colors_info=&#8221;{}&#8221;][et_pb_text _builder_version=&#8221;4.19.5&#8243; _module_preset=&#8221;default&#8221; min_height=&#8221;99px&#8221; custom_margin=&#8221;||6px|||&#8221; custom_padding=&#8221;||1px||false|false&#8221; custom_padding_tablet=&#8221;||50px||false|false&#8221; custom_padding_phone=&#8221;||30px||false|false&#8221; custom_padding_last_edited=&#8221;on|phone&#8221; global_colors_info=&#8221;{}&#8221;]<\/p>\n<h2>Riferimenti informativi<\/h2>\n<ul>\n<li>Art. 13 Regolamento UE 2016\/679 del 27\/04\/2016 &#8211; Regolamento Generale per la Protezione dei Dati Personali (\u201c<strong>GDPR<\/strong>\u201d)<\/li>\n<li>D.Lgs 24\/2023 &#8211; Attuazione della direttiva (UE) 2019\/1937 del 23 ottobre 2019, riguardante la protezione delle persone che segnalano violazioni del diritto dell&#8217;Unione e recante disposizioni riguardanti la protezione delle persone che segnalano violazioni delle disposizioni normative nazionali (\u201c<strong>Decreto Whistleblowing<\/strong>\u201d)<\/li>\n<\/ul>\n<p>&nbsp;<\/p>\n<h2>Titolare del trattamento<\/h2>\n<p><strong>FF Factory S.r.l.<\/strong>, con sede legale in Via Eligio Brigatti, 60, 20885 Ronco Briantino (MB), codice fiscale e partita iva 01212820136 in persona del legale rappresentante pro tempore.<\/p>\n<p>&nbsp;<\/p>\n<h2>Finalit\u00e0 e base giuridica del trattamento<\/h2>\n<p>I dati personali da Lei forniti verranno trattati esclusivamente per le seguenti finalit\u00e0:<\/p>\n<ul>\n<li>ricezione, elaborazione e gestione delle segnalazioni inviate al Titolare del trattamento in conformit\u00e0 al Decreto Whistleblowing;<\/li>\n<li>adempimento degli obblighi previsti dal Decreto Whistleblowing, da ulteriori disposizioni normative applicabili e da disposizioni impartite da autorit\u00e0 e organi di vigilanza e di controllo.<\/li>\n<\/ul>\n<p>Il trattamento dei dati personali per le finalit\u00e0 di cui sopra non richiede il consenso espresso degli interessati; la base giuridica del trattamento \u00e8 infatti costituita dall\u2019obbligo del Titolare di adempiere a specifici obblighi normativi (art. 6.1.c del GDPR).<\/p>\n<p>&nbsp;<\/p>\n<h2>Natura obbligatoria o facoltativa del conferimento dei dati e conseguenze di un eventuale rifiuto di fornire i dati personali<\/h2>\n<p>La segnalazione pu\u00f2 essere anonima. In questo caso, tuttavia, potrebbe non essere possibile per il Titolare del trattamento dare ulteriore corso alla segnalazione o alla relativa attivit\u00e0 istruttoria.<br \/>Diversamente, qualora il segnalante indicasse nella segnalazione i propri dati identificativi e di contatto, questi dati verranno utilizzati dal Titolare del trattamento, o da soggetti da questo autorizzati, per la ulteriore gestione della segnalazione e per le sole finalit\u00e0 sopra specificate.<br \/>Il Titolare tratter\u00e0 altres\u00ec i dati personali delle persone segnalate, ovvero di eventuali ulteriori persone menzionate nella segnalazione, dei facilitatori e\/o delle altre persone coinvolte all\u2019interno della societ\u00e0 nella gestione della segnalazione.<\/p>\n<p>&nbsp;<\/p>\n<h2>Modalit\u00e0 del trattamento dei dati<\/h2>\n<p>I Suoi dati personali saranno trattati, per le finalit\u00e0 di cui sopra, su supporto sia cartaceo che informatico, per mezzo di strumenti elettronici o automatizzati, nel rispetto della normativa vigente in particolare in materia di riservatezza e sicurezza e in conformit\u00e0 ai principi di correttezza, liceit\u00e0 e trasparenza previsti dal GDPR e rafforzati, per il caso di specie, dal Decreto Whistleblowing.<br \/>Il trattamento \u00e8 svolto dal Titolare del trattamento o dai responsabili e\/o autorizzati appositamente designati per iscritto; l\u2019elenco dei responsabili e\/o degli autorizzati pu\u00f2 essere richiesto dagli interessati al Titolare del trattamento.<\/p>\n<p>&nbsp;<\/p>\n<h2>Comunicazione e diffusione<\/h2>\n<p>I dati personali degli interessati potranno essere comunicati, nei limiti strettamente pertinenti agli obblighi, ai compiti ed alle finalit\u00e0 di cui sopra e nel rispetto della normativa vigente in materia, alle seguenti categorie di soggetti:<\/p>\n<ol>\n<li>soggetti a cui tale comunicazione deve essere effettuata al fine di adempiere o per esigere l\u2019adempimento di specifici obblighi previsti da leggi, da regolamenti e\/o dalla normativa comunitaria;<\/li>\n<li>persone fisiche e\/o giuridiche che forniscono servizi strumentali alle attivit\u00e0 del Titolare per le finalit\u00e0 sopra specificate (es. consulenti, organismo di vigilanza, collegio sindacale, societ\u00e0 di auditing, avvocati, consulenti forensi ecc.).<\/li>\n<li>forze di polizia, autorit\u00e0 competenti (es. Autorit\u00e0 Nazionale Anticorruzione) ed altre amministrazioni pubbliche, che agiranno in qualit\u00e0 di autonomi titolari del trattamento.<\/li>\n<\/ol>\n<p>I dati personali non saranno in alcun modo oggetto di diffusione.<\/p>\n<p>&nbsp;<\/p>\n<h2>Periodo di conservazione dei dati<\/h2>\n<p>I dati personali saranno conservati per l\u2019intera durata di gestione della segnalazione e per massimo 5 anni dalla data di chiusura della segnalazione. Decorso tale termine, i dati saranno cancellati o anonimizzati.<\/p>\n<p>&nbsp;<\/p>\n<h2>Trasferimento dei dati<\/h2>\n<p>I dati personali sono conservati su server ubicati all\u2019interno dell\u2019Unione Europea. Resta in ogni caso inteso che il Titolare, ove si rendesse necessario, avr\u00e0 facolt\u00e0 di spostare i server o i dati anche al di fuori della Unione Europea. In tal caso, il Titolare assicura sin d\u2019ora che il trasferimento dei dati extra-UE avverr\u00e0 in conformit\u00e0 alle disposizioni di legge applicabili.<\/p>\n<p>&nbsp;<\/p>\n<h2>Diritti dell&#8217;interessato<\/h2>\n<p>Gli interessati potranno esercitare i diritti di cui all\u2019art. 15 del GDPR:<\/p>\n<ol>\n<li>ottenere la conferma dell&#8217;esistenza o meno di dati personali che li riguardano, anche se non ancora registrati, e la loro comunicazione in forma intelligibile;<\/li>\n<li>ottenere l&#8217;indicazione: <strong>a)<\/strong> dell&#8217;origine dei dati personali; <strong>b)<\/strong> delle finalit\u00e0 e modalit\u00e0 del trattamento; <strong>c)<\/strong> della logica applicata in caso di trattamento effettuato con l&#8217;ausilio di strumenti elettronici; <strong>d)<\/strong> degli estremi identificativi del titolare e dei responsabili; <strong>e)<\/strong> dei soggetti o delle categorie di soggetti ai quali i dati personali possono essere comunicati o che possono venirne a conoscenza in qualit\u00e0 di rappresentante designato nel territorio dello Stato, di responsabili o incaricati;<\/li>\n<li>ottenere: <strong>a)<\/strong> l&#8217;aggiornamento, la rettificazione ovvero, quando vi ha interesse, l&#8217;integrazione dei dati; <strong>b)<\/strong> la cancellazione, la trasformazione in forma anonima o il blocco dei dati trattati in violazione di legge, compresi quelli di cui non \u00e8 necessaria la conservazione in relazione agli scopi per i quali i dati sono stati raccolti o successivamente trattati; <strong>c)<\/strong> l&#8217;attestazione che le operazioni di cui alle lettere <strong>a)<\/strong> e <strong>b)<\/strong> sono state portate a conoscenza, anche per quanto riguarda il loro contenuto, di coloro ai quali i dati sono stati comunicati, eccettuato il caso in cui tale adempimento si rivela impossibile o comporta un impiego di mezzi manifestamente sproporzionato rispetto al diritto tutelato;<\/li>\n<li>opporsi, in tutto o in parte per motivi legittimi al trattamento dei dati personali che li riguardano, ancorch\u00e9 pertinenti allo scopo della raccolta.<\/li>\n<\/ol>\n<p>Ove applicabili, gli interessati potranno altres\u00ec esercitare i diritti di cui agli artt. 16-21 del GDPR (Diritto di rettifica, diritto all\u2019oblio, diritto di limitazione di trattamento, diritto alla portabilit\u00e0 dei dati, diritto di opposizione), nonch\u00e9 il diritto di reclamo al Garante Privacy (<a href=\"https:\/\/www.garanteprivacy.it\/\" target=\"_blank\" rel=\"noopener\">https:\/\/www.garanteprivacy.it\/<\/a>).<\/p>\n<p>Ai sensi di quanto previsto dal comma 1, lett. e ed f, dell\u2019art. 2-<em>undecies<\/em> del D.lgs. 196\/2003 (\u201c<strong>Codice Privacy<\/strong>\u201d), i soggetti interessati sono informati che i loro diritti individuati dagli artt. 15 a 22 del GDPR e, in particolare il diritto di accesso, non potranno essere esercitati con richiesta al Titolare, ovvero con reclamo al Garante Privacy ai sensi dell\u2019art. 77 GDPR, ove dall\u2019esercizio di tali diritti possa derivare un pregiudizio effettivo e concreto alla riservatezza dei soggetti interessati che effettuano una segnalazione, e\/o allo svolgimento delle investigazioni o all\u2019esercizio di un diritto in sede giudiziaria. Ai sensi del comma 3, dell\u2019art. 2-<em>undecies<\/em> del Codice Privacy, l\u2019esercizio di tali diritti potr\u00e0, inoltre, essere ritardato, limitato o escluso per tutto il tempo in cui ci\u00f2 costituisca una misura necessaria e proporzionata, tenendo conto dei diritti fondamentali e dei legittimi interessi dei soggetti interessati, al fine di salvaguardare gli interessi difensivi dei Titolare e la riservatezza dei soggetti interessati.<br \/>In tali casi:<\/p>\n<p>(i) i soggetti interessati ne saranno informati con comunicazione motivata e resa senza ritardo, a meno che tale comunicazione possa compromettere la finalit\u00e0 della limitazione dell\u2019esercizio dei diritti;<br \/>(ii) i soggetti interessati potranno esercitare i propri diritti tramite il Garante Privacy, con le modalit\u00e0 di cui all\u2019art. 160 del Codice Privacy. In tale ipotesi, il Garante per la protezione dei dati personali informa i soggetti interessati di avere eseguito tutte le verifiche necessarie o di aver svolto un riesame.<\/p>\n<p>Rimane fermo il diritto dei soggetti interessati di proporre ricorso giurisdizionale.<\/p>\n<p>Per l\u2019esercizio dei diritti sopra specificati o per domande o informazioni in ordine al trattamento dei dati ed alle misure di sicurezza adottate, gli interessati potranno in ogni caso inoltrare richiesta al Titolare del trattamento.<\/p>\n<p>&nbsp;<\/p>\n<p>&nbsp;<\/p>\n<p>[\/et_pb_text][\/et_pb_column][\/et_pb_row][\/et_pb_section]<\/p>\n","protected":false},"excerpt":{"rendered":"<p>Informativasul trattamento dei dati personaliRiferimenti informativi Art. 13 Regolamento UE 2016\/679 del 27\/04\/2016 &#8211; Regolamento Generale per la Protezione dei Dati Personali (\u201cGDPR\u201d) D.Lgs 24\/2023 &#8211; Attuazione della direttiva (UE) 2019\/1937 del 23 ottobre 2019, riguardante la protezione delle persone che segnalano violazioni del diritto dell&#8217;Unione e recante disposizioni riguardanti la protezione delle persone che [&hellip;]<\/p>\n","protected":false},"author":3,"featured_media":0,"parent":0,"menu_order":0,"comment_status":"closed","ping_status":"closed","template":"","meta":{"_et_pb_use_builder":"on","_et_pb_old_content":"","_et_gb_content_width":"","footnotes":""},"class_list":["post-1486","page","type-page","status-publish","hentry"],"yoast_head":"<!-- This site is optimized with the Yoast SEO plugin v24.2 - https:\/\/yoast.com\/wordpress\/plugins\/seo\/ -->\n<title>Privacy Whistleblowing - FF Factory IT<\/title>\n<meta name=\"robots\" content=\"index, follow, max-snippet:-1, max-image-preview:large, max-video-preview:-1\" \/>\n<link rel=\"canonical\" href=\"https:\/\/www.ff-factory.com\/it\/privacy-whistleblowing\/\" \/>\n<meta property=\"og:locale\" content=\"it_IT\" \/>\n<meta property=\"og:type\" content=\"article\" \/>\n<meta property=\"og:title\" content=\"Privacy Whistleblowing - FF Factory IT\" \/>\n<meta property=\"og:description\" content=\"Informativasul trattamento dei dati personaliRiferimenti informativi Art. 13 Regolamento UE 2016\/679 del 27\/04\/2016 - Regolamento Generale per la Protezione dei Dati Personali (\u201cGDPR\u201d) D.Lgs 24\/2023 - Attuazione della direttiva (UE) 2019\/1937 del 23 ottobre 2019, riguardante la protezione delle persone che segnalano violazioni del diritto dell&#039;Unione e recante disposizioni riguardanti la protezione delle persone che [&hellip;]\" \/>\n<meta property=\"og:url\" content=\"https:\/\/www.ff-factory.com\/it\/privacy-whistleblowing\/\" \/>\n<meta property=\"og:site_name\" content=\"FF Factory IT\" \/>\n<meta property=\"article:modified_time\" content=\"2025-01-09T16:43:45+00:00\" \/>\n<meta name=\"twitter:card\" content=\"summary_large_image\" \/>\n<meta name=\"twitter:label1\" content=\"Tempo di lettura stimato\" \/>\n\t<meta name=\"twitter:data1\" content=\"8 minuti\" \/>\n<script type=\"application\/ld+json\" class=\"yoast-schema-graph\">{\"@context\":\"https:\/\/schema.org\",\"@graph\":[{\"@type\":\"WebPage\",\"@id\":\"https:\/\/www.ff-factory.com\/it\/privacy-whistleblowing\/\",\"url\":\"https:\/\/www.ff-factory.com\/it\/privacy-whistleblowing\/\",\"name\":\"Privacy Whistleblowing - FF Factory IT\",\"isPartOf\":{\"@id\":\"https:\/\/www.ff-factory.com\/it\/#website\"},\"datePublished\":\"2025-01-09T16:32:51+00:00\",\"dateModified\":\"2025-01-09T16:43:45+00:00\",\"breadcrumb\":{\"@id\":\"https:\/\/www.ff-factory.com\/it\/privacy-whistleblowing\/#breadcrumb\"},\"inLanguage\":\"it-IT\",\"potentialAction\":[{\"@type\":\"ReadAction\",\"target\":[\"https:\/\/www.ff-factory.com\/it\/privacy-whistleblowing\/\"]}]},{\"@type\":\"BreadcrumbList\",\"@id\":\"https:\/\/www.ff-factory.com\/it\/privacy-whistleblowing\/#breadcrumb\",\"itemListElement\":[{\"@type\":\"ListItem\",\"position\":1,\"name\":\"Home\",\"item\":\"https:\/\/www.ff-factory.com\/it\/\"},{\"@type\":\"ListItem\",\"position\":2,\"name\":\"Privacy Whistleblowing\"}]},{\"@type\":\"WebSite\",\"@id\":\"https:\/\/www.ff-factory.com\/it\/#website\",\"url\":\"https:\/\/www.ff-factory.com\/it\/\",\"name\":\"FF Factory IT\",\"description\":\"\",\"potentialAction\":[{\"@type\":\"SearchAction\",\"target\":{\"@type\":\"EntryPoint\",\"urlTemplate\":\"https:\/\/www.ff-factory.com\/it\/?s={search_term_string}\"},\"query-input\":{\"@type\":\"PropertyValueSpecification\",\"valueRequired\":true,\"valueName\":\"search_term_string\"}}],\"inLanguage\":\"it-IT\"}]}<\/script>\n<!-- \/ Yoast SEO plugin. -->","yoast_head_json":{"title":"Privacy Whistleblowing - FF Factory IT","robots":{"index":"index","follow":"follow","max-snippet":"max-snippet:-1","max-image-preview":"max-image-preview:large","max-video-preview":"max-video-preview:-1"},"canonical":"https:\/\/www.ff-factory.com\/it\/privacy-whistleblowing\/","og_locale":"it_IT","og_type":"article","og_title":"Privacy Whistleblowing - FF Factory IT","og_description":"Informativasul trattamento dei dati personaliRiferimenti informativi Art. 13 Regolamento UE 2016\/679 del 27\/04\/2016 - Regolamento Generale per la Protezione dei Dati Personali (\u201cGDPR\u201d) D.Lgs 24\/2023 - Attuazione della direttiva (UE) 2019\/1937 del 23 ottobre 2019, riguardante la protezione delle persone che segnalano violazioni del diritto dell'Unione e recante disposizioni riguardanti la protezione delle persone che [&hellip;]","og_url":"https:\/\/www.ff-factory.com\/it\/privacy-whistleblowing\/","og_site_name":"FF Factory IT","article_modified_time":"2025-01-09T16:43:45+00:00","twitter_card":"summary_large_image","twitter_misc":{"Tempo di lettura stimato":"8 minuti"},"schema":{"@context":"https:\/\/schema.org","@graph":[{"@type":"WebPage","@id":"https:\/\/www.ff-factory.com\/it\/privacy-whistleblowing\/","url":"https:\/\/www.ff-factory.com\/it\/privacy-whistleblowing\/","name":"Privacy Whistleblowing - FF Factory IT","isPartOf":{"@id":"https:\/\/www.ff-factory.com\/it\/#website"},"datePublished":"2025-01-09T16:32:51+00:00","dateModified":"2025-01-09T16:43:45+00:00","breadcrumb":{"@id":"https:\/\/www.ff-factory.com\/it\/privacy-whistleblowing\/#breadcrumb"},"inLanguage":"it-IT","potentialAction":[{"@type":"ReadAction","target":["https:\/\/www.ff-factory.com\/it\/privacy-whistleblowing\/"]}]},{"@type":"BreadcrumbList","@id":"https:\/\/www.ff-factory.com\/it\/privacy-whistleblowing\/#breadcrumb","itemListElement":[{"@type":"ListItem","position":1,"name":"Home","item":"https:\/\/www.ff-factory.com\/it\/"},{"@type":"ListItem","position":2,"name":"Privacy Whistleblowing"}]},{"@type":"WebSite","@id":"https:\/\/www.ff-factory.com\/it\/#website","url":"https:\/\/www.ff-factory.com\/it\/","name":"FF Factory IT","description":"","potentialAction":[{"@type":"SearchAction","target":{"@type":"EntryPoint","urlTemplate":"https:\/\/www.ff-factory.com\/it\/?s={search_term_string}"},"query-input":{"@type":"PropertyValueSpecification","valueRequired":true,"valueName":"search_term_string"}}],"inLanguage":"it-IT"}]}},"_links":{"self":[{"href":"https:\/\/www.ff-factory.com\/it\/wp-json\/wp\/v2\/pages\/1486","targetHints":{"allow":["GET"]}}],"collection":[{"href":"https:\/\/www.ff-factory.com\/it\/wp-json\/wp\/v2\/pages"}],"about":[{"href":"https:\/\/www.ff-factory.com\/it\/wp-json\/wp\/v2\/types\/page"}],"author":[{"embeddable":true,"href":"https:\/\/www.ff-factory.com\/it\/wp-json\/wp\/v2\/users\/3"}],"replies":[{"embeddable":true,"href":"https:\/\/www.ff-factory.com\/it\/wp-json\/wp\/v2\/comments?post=1486"}],"version-history":[{"count":12,"href":"https:\/\/www.ff-factory.com\/it\/wp-json\/wp\/v2\/pages\/1486\/revisions"}],"predecessor-version":[{"id":1514,"href":"https:\/\/www.ff-factory.com\/it\/wp-json\/wp\/v2\/pages\/1486\/revisions\/1514"}],"wp:attachment":[{"href":"https:\/\/www.ff-factory.com\/it\/wp-json\/wp\/v2\/media?parent=1486"}],"curies":[{"name":"wp","href":"https:\/\/api.w.org\/{rel}","templated":true}]}}